{"id":751,"date":"2024-04-16T15:57:03","date_gmt":"2024-04-16T13:57:03","guid":{"rendered":"https:\/\/splp.moovsit.fr\/?page_id=751"},"modified":"2024-04-16T16:03:35","modified_gmt":"2024-04-16T14:03:35","slug":"rgpd","status":"publish","type":"page","link":"https:\/\/laboratoiresplp.com\/en\/rgpd\/","title":{"rendered":"RGPD"},"content":{"rendered":"\t\t<div data-elementor-type=\"wp-page\" data-elementor-id=\"751\" class=\"elementor elementor-751\" data-elementor-post-type=\"page\">\n\t\t\t\t<div class=\"elementor-element elementor-element-dbbf0e0 e-flex e-con-boxed e-con e-parent\" data-id=\"dbbf0e0\" data-element_type=\"container\">\n\t\t\t\t\t<div class=\"e-con-inner\">\n\t\t\t\t<div class=\"elementor-element elementor-element-07bad81 elementor-widget elementor-widget-heading\" data-id=\"07bad81\" data-element_type=\"widget\" data-widget_type=\"heading.default\">\n\t\t\t\t<div class=\"elementor-widget-container\">\n\t\t\t\t\t<h2 class=\"elementor-heading-title elementor-size-default\">Le r\u00e8glement g\u00e9n\u00e9ral sur la protection des donn\u00e9es (RGPD), mode d\u2019emploi<\/h2>\t\t\t\t<\/div>\n\t\t\t\t<\/div>\n\t\t<div class=\"elementor-element elementor-element-6714637 gap-large padding-small e-flex e-con-boxed e-con e-child\" data-id=\"6714637\" data-element_type=\"container\">\n\t\t\t\t\t<div class=\"e-con-inner\">\n\t\t<div class=\"elementor-element elementor-element-d3f2116 e-con-full gap-small e-flex e-con e-child\" data-id=\"d3f2116\" data-element_type=\"container\">\n\t\t\t\t<div class=\"elementor-element elementor-element-f200be8 elementor-widget elementor-widget-text-editor\" data-id=\"f200be8\" data-element_type=\"widget\" data-widget_type=\"text-editor.default\">\n\t\t\t\t<div class=\"elementor-widget-container\">\n\t\t\t\t\t\t\t\t\t<p>Le r\u00e8glement g\u00e9n\u00e9ral sur la protection des donn\u00e9es (RGPD) est entr\u00e9 en application le 25 mai 2018 pour mieux encadrer le traitement des donn\u00e9es. Quel impact en mati\u00e8re de protection des donn\u00e9es personnelles pour les professionnels pour les professionnels ? Quelles entreprises sont concern\u00e9es ? Quelles informations apporter \u00e0 l&#8217;internaute ? On fait le tour de la question.<\/p>\t\t\t\t\t\t\t\t<\/div>\n\t\t\t\t<\/div>\n\t\t\t\t<\/div>\n\t\t<div class=\"elementor-element elementor-element-403dace border-radius e-flex e-con-boxed e-con e-child\" data-id=\"403dace\" data-element_type=\"container\" data-settings=\"{&quot;background_background&quot;:&quot;classic&quot;}\">\n\t\t\t\t\t<div class=\"e-con-inner\">\n\t\t\t\t\t<\/div>\n\t\t\t\t<\/div>\n\t\t\t\t\t<\/div>\n\t\t\t\t<\/div>\n\t\t\t\t\t<\/div>\n\t\t\t\t<\/div>\n\t\t<div class=\"elementor-element elementor-element-7b8f677 gap-large padding-small e-flex e-con-boxed e-con e-parent\" data-id=\"7b8f677\" data-element_type=\"container\">\n\t\t\t\t\t<div class=\"e-con-inner\">\n\t\t\t\t<div class=\"elementor-element elementor-element-3db53b8 elementor-widget__width-initial elementor-widget elementor-widget-image-box\" data-id=\"3db53b8\" data-element_type=\"widget\" data-widget_type=\"image-box.default\">\n\t\t\t\t<div class=\"elementor-widget-container\">\n\t\t\t\t\t<div class=\"elementor-image-box-wrapper\"><div class=\"elementor-image-box-content\"><h3 class=\"elementor-image-box-title\">Le RGPD, qu\u2019est-ce que c\u2019est ?<\/h3><p class=\"elementor-image-box-description\">Le r\u00e8glement g\u00e9n\u00e9ral de protection des donn\u00e9es (RGPD) est un texte r\u00e9glementaire europ\u00e9en qui encadre le traitement des donn\u00e9es de mani\u00e8re \u00e9galitaire sur tout le territoire de l\u2019Union europ\u00e9enne (UE). Il est entr\u00e9 en application le 25 mai 2018.\n\nLe RGPD s\u2019inscrit dans la continuit\u00e9 de la loi fran\u00e7aise \u00ab Informatique et Libert\u00e9s \u00bb de 1978, modifi\u00e9e par la loi du 20 juin 2018 relative \u00e0 la protection des donn\u00e9es personnelles, \u00e9tablissant des r\u00e8gles sur la collecte et l\u2019utilisation des donn\u00e9es sur le territoire fran\u00e7ais. Il a \u00e9t\u00e9 con\u00e7u autour de trois objectifs :\n\nrenforcer les droits des personnes\nresponsabiliser les acteurs traitant des donn\u00e9es\ncr\u00e9dibiliser la r\u00e9gulation gr\u00e2ce \u00e0 une coop\u00e9ration renforc\u00e9e entre les autorit\u00e9s de protection des donn\u00e9es.<\/p><\/div><\/div>\t\t\t\t<\/div>\n\t\t\t\t<\/div>\n\t\t\t\t<div class=\"elementor-element elementor-element-67d8684 elementor-widget__width-initial elementor-widget elementor-widget-text-editor\" data-id=\"67d8684\" data-element_type=\"widget\" data-widget_type=\"text-editor.default\">\n\t\t\t\t<div class=\"elementor-widget-container\">\n\t\t\t\t\t\t\t\t\t<p>Donn\u00e9es personnelles : de quoi parle-t-on ?<\/p><p>Une\u00a0<strong>donn\u00e9e \u00e0 caract\u00e8re personnel (ou \u00ab\u00a0donn\u00e9e personnelle\u00a0\u00bb)\u00a0<\/strong>est d\u00e9crite par la Commission nationale de l\u2019informatique et des libert\u00e9s (CNIL) comme \u00ab\u00a0toute information se rapportant \u00e0 une personne physique identifi\u00e9e ou identifiable\u00a0\u00bb. Il existe deux types d\u2019identification\u00a0:<\/p><ul><li><strong>identification directe<\/strong>\u00a0(nom, pr\u00e9nom, etc.)<\/li><li><strong>identification indirecte<\/strong>\u00a0(identifiant, num\u00e9ro, etc.).<\/li><\/ul><p>Lorsqu\u2019une op\u00e9ration ou un ensemble d\u2019op\u00e9rations portant sur des donn\u00e9es personnelles sont effectu\u00e9es, on consid\u00e8re qu\u2019il s\u2019agit de\u00a0<strong>traitement de donn\u00e9es personnelles<\/strong>. La CNIL donne les actions suivantes \u00e0 titre d\u2019exemple du traitement des donn\u00e9es\u00a0:<\/p><ul><li>tenue d\u2019un fichier de ses clients<\/li><li>collecte de coordonn\u00e9es de prospects via un questionnaire<\/li><li>mise \u00e0 jour d\u2019un fichier de fournisseurs.<\/li><\/ul>\t\t\t\t\t\t\t\t<\/div>\n\t\t\t\t<\/div>\n\t\t\t\t\t<\/div>\n\t\t\t\t<\/div>\n\t\t<div class=\"elementor-element elementor-element-454ee1a padding-small gap-large e-flex e-con-boxed e-con e-parent\" data-id=\"454ee1a\" data-element_type=\"container\">\n\t\t\t\t\t<div class=\"e-con-inner\">\n\t\t<div class=\"elementor-element elementor-element-926ad64 e-con-full gap-large e-flex e-con e-child\" data-id=\"926ad64\" data-element_type=\"container\">\n\t\t\t\t<div class=\"elementor-element elementor-element-92d1fe8 elementor-widget elementor-widget-image-box\" data-id=\"92d1fe8\" data-element_type=\"widget\" data-widget_type=\"image-box.default\">\n\t\t\t\t<div class=\"elementor-widget-container\">\n\t\t\t\t\t<div class=\"elementor-image-box-wrapper\"><div class=\"elementor-image-box-content\"><h3 class=\"elementor-image-box-title\">\u00cates-vous concern\u00e9 par le RGPD ?<\/h3><p class=\"elementor-image-box-description\">Le RGPD s\u2019adresse \u00e0 toute structure priv\u00e9e ou publique effectuant de la collecte et\/ou du traitement de donn\u00e9es, et ce quel que soit son secteur d'activit\u00e9 et sa taille. Le r\u00e8glement s\u2019applique \u00e0 tous les organismes \u00e9tablis sur le territoire de l\u2019Union europ\u00e9enne, mais aussi \u00e0 tout organisme implant\u00e9 hors de l\u2019UE mais dont l\u2019activit\u00e9 cible directement des r\u00e9sidents europ\u00e9ens.\n\n\u00c0 noter que le RGPD concerne \u00e9galement les sous-traitants qui traiteraient ou collecteraient des donn\u00e9es personnelles pour le compte d\u2019une autre entit\u00e9.\n\nAinsi, si vous collectez et\/ou traitez des donn\u00e9es personnelles, vous avez des obligations vis-\u00e0-vis de l'internaute. <a href=\"#\">En savoir plus. <\/a><\/p><\/div><\/div>\t\t\t\t<\/div>\n\t\t\t\t<\/div>\n\t\t\t\t<div class=\"elementor-element elementor-element-49f62a9 elementor-widget elementor-widget-image-box\" data-id=\"49f62a9\" data-element_type=\"widget\" data-widget_type=\"image-box.default\">\n\t\t\t\t<div class=\"elementor-widget-container\">\n\t\t\t\t\t<div class=\"elementor-image-box-wrapper\"><div class=\"elementor-image-box-content\"><h3 class=\"elementor-image-box-title\">Quelles sont les pratiques abusives constat\u00e9es ?<\/h3><p class=\"elementor-image-box-description\">Certaines entreprises qui d\u00e9marchent les professionnels, parfois de mani\u00e8re agressive, pour leur proposer leurs services, se pr\u00e9tendent mandat\u00e9es par les pouvoirs publics et proposent des prestations on\u00e9reuses ou de faux services.\n\nElles peuvent proposer des prestations incompl\u00e8tes, comme un simple \u00e9change ou l'envoi d'une documentation. Sachez que se mettre en conformit\u00e9 avec le RGPD n\u00e9cessite un v\u00e9ritable accompagnement par un professionnel qui analyse vos besoins, propose une solution adapt\u00e9e et assure un suivi.<\/p><\/div><\/div>\t\t\t\t<\/div>\n\t\t\t\t<\/div>\n\t\t\t\t<div class=\"elementor-element elementor-element-d87fba0 elementor-widget elementor-widget-image-box\" data-id=\"d87fba0\" data-element_type=\"widget\" data-widget_type=\"image-box.default\">\n\t\t\t\t<div class=\"elementor-widget-container\">\n\t\t\t\t\t<div class=\"elementor-image-box-wrapper\"><div class=\"elementor-image-box-content\"><h3 class=\"elementor-image-box-title\">Conformit\u00e9 au RGPD : la CNIL vous accompagne Le guide pratique \u00ab RGPD \u00bb<\/h3><p class=\"elementor-image-box-description\">La CNIL propose un guide pour accompagner les acteurs traitant des donn\u00e9es personnelles. Au travers d\u2019un ensemble de fiches pratiques, la Commission rappelle les pr\u00e9cautions \u00e9l\u00e9mentaires en mati\u00e8re de protection des donn\u00e9es personnelles, notamment les quatre r\u00e9flexes \u00e0 adopter :\n\nconstituez un registre de vos traitements de donn\u00e9es\nfa\u00eetes le tri dans vos donn\u00e9es (ne collectez que les donn\u00e9es vraiment n\u00e9cessaires)\nrespectez les droits des personnes en mati\u00e8re de consultation, de rectification ou de suppression des donn\u00e9es\ns\u00e9curisez vos donn\u00e9es.<\/p><\/div><\/div>\t\t\t\t<\/div>\n\t\t\t\t<\/div>\n\t\t\t\t<\/div>\n\t\t<div class=\"elementor-element elementor-element-597b39f e-con-full gap-large e-flex e-con e-child\" data-id=\"597b39f\" data-element_type=\"container\">\n\t\t\t\t<div class=\"elementor-element elementor-element-7beaf12 elementor-widget elementor-widget-image-box\" data-id=\"7beaf12\" data-element_type=\"widget\" data-widget_type=\"image-box.default\">\n\t\t\t\t<div class=\"elementor-widget-container\">\n\t\t\t\t\t<div class=\"elementor-image-box-wrapper\"><div class=\"elementor-image-box-content\"><h3 class=\"elementor-image-box-title\">RGPD : attention aux arnaques :<\/h3><p class=\"elementor-image-box-description\">Depuis la mise en application du r\u00e8glement g\u00e9n\u00e9ral de protection des donn\u00e9es, de multiples \u00ab arnaques au RGPD \u00bb ont \u00e9t\u00e9 constat\u00e9es. La CNIL et la Direction g\u00e9n\u00e9rale de la concurrence, de la consommation et de la r\u00e9pression des fraudes (DGCCRF) mettent ainsi en garde les professionnels souhaitant faire appel \u00e0 une soci\u00e9t\u00e9 pour se mettre en conformit\u00e9 au RGPD.<\/p><\/div><\/div>\t\t\t\t<\/div>\n\t\t\t\t<\/div>\n\t\t\t\t<div class=\"elementor-element elementor-element-d43ab7e elementor-widget elementor-widget-image-box\" data-id=\"d43ab7e\" data-element_type=\"widget\" data-widget_type=\"image-box.default\">\n\t\t\t\t<div class=\"elementor-widget-container\">\n\t\t\t\t\t<div class=\"elementor-image-box-wrapper\"><div class=\"elementor-image-box-content\"><h3 class=\"elementor-image-box-title\">Les bons r\u00e9flexes \u00e0 adopter pour \u00e9viter les arnaques<\/h3><p class=\"elementor-image-box-description\">Avant de vous engager avec une entreprise, v\u00e9rifiez un certain nombre d'informations :\n\nl\u2019identit\u00e9 de l\u2019entreprise d\u00e9marcheuse sur internet par exemple\nla nature des services propos\u00e9s\nles dispositions contractuelles ou pr\u00e9-contractuelles.\nM\u00e9fiez-vous des entreprises utilisant des communications prenant les formes d'une communication officielle \u00e9manant d'un service public.\n\nNe payez aucune somme d'argent suppos\u00e9e stopper une action contentieuse.\n\nEn cas de doute sur le message ou l\u2019appel re\u00e7u (identit\u00e9 de l\u2019interlocuteur, num\u00e9ro de t\u00e9l\u00e9phone affich\u00e9, etc.), vous pouvez contacter la CNIL. Si vous \u00eates victime d\u2019une arnaque, vous pouvez \u00e9galement contacter la DGCCRF.<\/p><\/div><\/div>\t\t\t\t<\/div>\n\t\t\t\t<\/div>\n\t\t\t\t<div class=\"elementor-element elementor-element-5d4b47e elementor-widget elementor-widget-image-box\" data-id=\"5d4b47e\" data-element_type=\"widget\" data-widget_type=\"image-box.default\">\n\t\t\t\t<div class=\"elementor-widget-container\">\n\t\t\t\t\t<div class=\"elementor-image-box-wrapper\"><div class=\"elementor-image-box-content\"><h3 class=\"elementor-image-box-title\">La formation de la CNIL pour se conformer au RGPD<\/h3><p class=\"elementor-image-box-description\">La CNIL a lanc\u00e9, en mars 2019, une formation gratuite en ligne sur le RGPD : \u00ab L'atelier RGPD \u00bb. Ce cours \u00e0 distance (\u00ab Mooc \u00bb) est ouvert \u00e0 tous les d\u00e9l\u00e9gu\u00e9s \u00e0 la protection des donn\u00e9es (DPO) et aux professionnels souhaitant d\u00e9couvrir ou mieux appr\u00e9hender le RGPD. Il est structur\u00e9 en cinq modules d'une dur\u00e9e moyenne de cinq heures que vous pouvez suivre \u00e0 votre rythme :\n\nmodule 1 : le RGPD et ses notions cl\u00e9s\nmodule 2 : les principes de la protection des donn\u00e9es\nmodule 3 : les responsabilit\u00e9s des acteurs\nmodule 4 : le DPO et les outils de conformit\u00e9\nmodule 5 : les collectivit\u00e9s territoriales\nUne attestation de suivi par module est remise aux participants \u00e0 l'issue de la formation.<\/p><\/div><\/div>\t\t\t\t<\/div>\n\t\t\t\t<\/div>\n\t\t\t\t<\/div>\n\t\t\t\t\t<\/div>\n\t\t\t\t<\/div>\n\t\t\t\t<\/div>\n\t\t","protected":false},"excerpt":{"rendered":"<p>Le r\u00e8glement g\u00e9n\u00e9ral sur la protection des donn\u00e9es (RGPD), mode d\u2019emploi Le r\u00e8glement g\u00e9n\u00e9ral sur la protection des donn\u00e9es (RGPD) est entr\u00e9 en application le 25 mai 2018 pour mieux encadrer le traitement des donn\u00e9es. Quel impact en mati\u00e8re de protection des donn\u00e9es personnelles pour les professionnels pour les professionnels ? Quelles entreprises sont concern\u00e9es [&hellip;]<\/p>\n","protected":false},"author":3,"featured_media":0,"parent":0,"menu_order":0,"comment_status":"closed","ping_status":"closed","template":"","meta":{"_acf_changed":false,"footnotes":""},"class_list":["post-751","page","type-page","status-publish","hentry"],"acf":[],"yoast_head":"<!-- This site is optimized with the Yoast SEO plugin v26.0 - https:\/\/yoast.com\/wordpress\/plugins\/seo\/ -->\n<title>RGPD - Laboratoire SPLP<\/title>\n<meta name=\"robots\" content=\"index, follow, max-snippet:-1, max-image-preview:large, max-video-preview:-1\" \/>\n<link rel=\"canonical\" href=\"https:\/\/laboratoiresplp.com\/rgpd\/\" \/>\n<meta property=\"og:locale\" content=\"en_US\" \/>\n<meta property=\"og:type\" content=\"article\" \/>\n<meta property=\"og:title\" content=\"RGPD - Laboratoire SPLP\" \/>\n<meta property=\"og:description\" content=\"Le r\u00e8glement g\u00e9n\u00e9ral sur la protection des donn\u00e9es (RGPD), mode d\u2019emploi Le r\u00e8glement g\u00e9n\u00e9ral sur la protection des donn\u00e9es (RGPD) est entr\u00e9 en application le 25 mai 2018 pour mieux encadrer le traitement des donn\u00e9es. Quel impact en mati\u00e8re de protection des donn\u00e9es personnelles pour les professionnels pour les professionnels ? Quelles entreprises sont concern\u00e9es [&hellip;]\" \/>\n<meta property=\"og:url\" content=\"https:\/\/laboratoiresplp.com\/rgpd\/\" \/>\n<meta property=\"og:site_name\" content=\"Laboratoire SPLP\" \/>\n<meta property=\"article:modified_time\" content=\"2024-04-16T14:03:35+00:00\" \/>\n<meta property=\"og:image\" content=\"https:\/\/laboratoiresplp.com\/wp-content\/uploads\/2024\/08\/ImageGeneriqueGellules.jpg\" \/>\n\t<meta property=\"og:image:width\" content=\"1200\" \/>\n\t<meta property=\"og:image:height\" content=\"675\" \/>\n\t<meta property=\"og:image:type\" content=\"image\/jpeg\" \/>\n<meta name=\"twitter:card\" content=\"summary_large_image\" \/>\n<meta name=\"twitter:label1\" content=\"Est. reading time\" \/>\n\t<meta name=\"twitter:data1\" content=\"5 minutes\" \/>\n<script type=\"application\/ld+json\" class=\"yoast-schema-graph\">{\"@context\":\"https:\/\/schema.org\",\"@graph\":[{\"@type\":\"WebPage\",\"@id\":\"https:\/\/laboratoiresplp.com\/rgpd\/\",\"url\":\"https:\/\/laboratoiresplp.com\/rgpd\/\",\"name\":\"RGPD - Laboratoire SPLP\",\"isPartOf\":{\"@id\":\"https:\/\/laboratoiresplp.com\/#website\"},\"datePublished\":\"2024-04-16T13:57:03+00:00\",\"dateModified\":\"2024-04-16T14:03:35+00:00\",\"breadcrumb\":{\"@id\":\"https:\/\/laboratoiresplp.com\/rgpd\/#breadcrumb\"},\"inLanguage\":\"en-US\",\"potentialAction\":[{\"@type\":\"ReadAction\",\"target\":[\"https:\/\/laboratoiresplp.com\/rgpd\/\"]}]},{\"@type\":\"BreadcrumbList\",\"@id\":\"https:\/\/laboratoiresplp.com\/rgpd\/#breadcrumb\",\"itemListElement\":[{\"@type\":\"ListItem\",\"position\":1,\"name\":\"Accueil\",\"item\":\"https:\/\/laboratoiresplp.com\/en\/\"},{\"@type\":\"ListItem\",\"position\":2,\"name\":\"RGPD\"}]},{\"@type\":\"WebSite\",\"@id\":\"https:\/\/laboratoiresplp.com\/#website\",\"url\":\"https:\/\/laboratoiresplp.com\/\",\"name\":\"Laboratoire SPLP\",\"description\":\"Fa\u00e7onneur d&#039;envies\",\"publisher\":{\"@id\":\"https:\/\/laboratoiresplp.com\/#organization\"},\"alternateName\":\"Labo SPLP\",\"potentialAction\":[{\"@type\":\"SearchAction\",\"target\":{\"@type\":\"EntryPoint\",\"urlTemplate\":\"https:\/\/laboratoiresplp.com\/?s={search_term_string}\"},\"query-input\":{\"@type\":\"PropertyValueSpecification\",\"valueRequired\":true,\"valueName\":\"search_term_string\"}}],\"inLanguage\":\"en-US\"},{\"@type\":\"Organization\",\"@id\":\"https:\/\/laboratoiresplp.com\/#organization\",\"name\":\"Laboratoire SPLP\",\"alternateName\":\"Labo SPLP\",\"url\":\"https:\/\/laboratoiresplp.com\/\",\"logo\":{\"@type\":\"ImageObject\",\"inLanguage\":\"en-US\",\"@id\":\"https:\/\/laboratoiresplp.com\/#\/schema\/logo\/image\/\",\"url\":\"https:\/\/laboratoiresplp.com\/wp-content\/uploads\/2024\/02\/splp-logo.webp\",\"contentUrl\":\"https:\/\/laboratoiresplp.com\/wp-content\/uploads\/2024\/02\/splp-logo.webp\",\"width\":1625,\"height\":1548,\"caption\":\"Laboratoire SPLP\"},\"image\":{\"@id\":\"https:\/\/laboratoiresplp.com\/#\/schema\/logo\/image\/\"},\"sameAs\":[\"https:\/\/www.linkedin.com\/company\/laboratoiresplp\/?originalSubdomain=fr\"]}]}<\/script>\n<!-- \/ Yoast SEO plugin. -->","yoast_head_json":{"title":"RGPD - Laboratoire SPLP","robots":{"index":"index","follow":"follow","max-snippet":"max-snippet:-1","max-image-preview":"max-image-preview:large","max-video-preview":"max-video-preview:-1"},"canonical":"https:\/\/laboratoiresplp.com\/rgpd\/","og_locale":"en_US","og_type":"article","og_title":"RGPD - Laboratoire SPLP","og_description":"Le r\u00e8glement g\u00e9n\u00e9ral sur la protection des donn\u00e9es (RGPD), mode d\u2019emploi Le r\u00e8glement g\u00e9n\u00e9ral sur la protection des donn\u00e9es (RGPD) est entr\u00e9 en application le 25 mai 2018 pour mieux encadrer le traitement des donn\u00e9es. Quel impact en mati\u00e8re de protection des donn\u00e9es personnelles pour les professionnels pour les professionnels ? Quelles entreprises sont concern\u00e9es [&hellip;]","og_url":"https:\/\/laboratoiresplp.com\/rgpd\/","og_site_name":"Laboratoire SPLP","article_modified_time":"2024-04-16T14:03:35+00:00","og_image":[{"width":1200,"height":675,"url":"https:\/\/laboratoiresplp.com\/wp-content\/uploads\/2024\/08\/ImageGeneriqueGellules.jpg","type":"image\/jpeg"}],"twitter_card":"summary_large_image","twitter_misc":{"Est. reading time":"5 minutes"},"schema":{"@context":"https:\/\/schema.org","@graph":[{"@type":"WebPage","@id":"https:\/\/laboratoiresplp.com\/rgpd\/","url":"https:\/\/laboratoiresplp.com\/rgpd\/","name":"RGPD - Laboratoire SPLP","isPartOf":{"@id":"https:\/\/laboratoiresplp.com\/#website"},"datePublished":"2024-04-16T13:57:03+00:00","dateModified":"2024-04-16T14:03:35+00:00","breadcrumb":{"@id":"https:\/\/laboratoiresplp.com\/rgpd\/#breadcrumb"},"inLanguage":"en-US","potentialAction":[{"@type":"ReadAction","target":["https:\/\/laboratoiresplp.com\/rgpd\/"]}]},{"@type":"BreadcrumbList","@id":"https:\/\/laboratoiresplp.com\/rgpd\/#breadcrumb","itemListElement":[{"@type":"ListItem","position":1,"name":"Accueil","item":"https:\/\/laboratoiresplp.com\/en\/"},{"@type":"ListItem","position":2,"name":"RGPD"}]},{"@type":"WebSite","@id":"https:\/\/laboratoiresplp.com\/#website","url":"https:\/\/laboratoiresplp.com\/","name":"Laboratoire SPLP","description":"Fa\u00e7onneur d&#039;envies","publisher":{"@id":"https:\/\/laboratoiresplp.com\/#organization"},"alternateName":"Labo SPLP","potentialAction":[{"@type":"SearchAction","target":{"@type":"EntryPoint","urlTemplate":"https:\/\/laboratoiresplp.com\/?s={search_term_string}"},"query-input":{"@type":"PropertyValueSpecification","valueRequired":true,"valueName":"search_term_string"}}],"inLanguage":"en-US"},{"@type":"Organization","@id":"https:\/\/laboratoiresplp.com\/#organization","name":"Laboratoire SPLP","alternateName":"Labo SPLP","url":"https:\/\/laboratoiresplp.com\/","logo":{"@type":"ImageObject","inLanguage":"en-US","@id":"https:\/\/laboratoiresplp.com\/#\/schema\/logo\/image\/","url":"https:\/\/laboratoiresplp.com\/wp-content\/uploads\/2024\/02\/splp-logo.webp","contentUrl":"https:\/\/laboratoiresplp.com\/wp-content\/uploads\/2024\/02\/splp-logo.webp","width":1625,"height":1548,"caption":"Laboratoire SPLP"},"image":{"@id":"https:\/\/laboratoiresplp.com\/#\/schema\/logo\/image\/"},"sameAs":["https:\/\/www.linkedin.com\/company\/laboratoiresplp\/?originalSubdomain=fr"]}]}},"_links":{"self":[{"href":"https:\/\/laboratoiresplp.com\/en\/wp-json\/wp\/v2\/pages\/751","targetHints":{"allow":["GET"]}}],"collection":[{"href":"https:\/\/laboratoiresplp.com\/en\/wp-json\/wp\/v2\/pages"}],"about":[{"href":"https:\/\/laboratoiresplp.com\/en\/wp-json\/wp\/v2\/types\/page"}],"author":[{"embeddable":true,"href":"https:\/\/laboratoiresplp.com\/en\/wp-json\/wp\/v2\/users\/3"}],"replies":[{"embeddable":true,"href":"https:\/\/laboratoiresplp.com\/en\/wp-json\/wp\/v2\/comments?post=751"}],"version-history":[{"count":7,"href":"https:\/\/laboratoiresplp.com\/en\/wp-json\/wp\/v2\/pages\/751\/revisions"}],"predecessor-version":[{"id":758,"href":"https:\/\/laboratoiresplp.com\/en\/wp-json\/wp\/v2\/pages\/751\/revisions\/758"}],"wp:attachment":[{"href":"https:\/\/laboratoiresplp.com\/en\/wp-json\/wp\/v2\/media?parent=751"}],"curies":[{"name":"wp","href":"https:\/\/api.w.org\/{rel}","templated":true}]}}